{"id":3377,"date":"2025-03-08T17:05:14","date_gmt":"2025-03-08T17:05:14","guid":{"rendered":"https:\/\/prensaescrita.org\/informativa-sulla-privacy\/"},"modified":"2025-03-18T11:45:35","modified_gmt":"2025-03-18T11:45:35","slug":"informativa-sulla-privacy","status":"publish","type":"page","link":"https:\/\/prensaescrita.org\/it\/informativa-sulla-privacy\/","title":{"rendered":"Informativa sulla privacy"},"content":{"rendered":"\n<div class=\"gb-element-9f66d1d1\">\n<p><strong>prensaescrita.org<\/strong> ti informa sulla sua Informativa sulla privacy relativa al trattamento e alla protezione dei dati personali degli utenti e dei clienti che possono essere raccolti navigando o contrattando servizi attraverso il <strong><strong>sito web prensaescrita.org<\/strong><\/strong>.<\/p>\n\n\n\n<p>In questo senso, il Titolare garantisce il rispetto della normativa vigente in materia di protezione dei dati personali, riflessa nella Legge Organica 3\/2018, del 5 dicembre, sulla Protezione dei Dati Personali e la Garanzia dei Diritti Digitali (LOPD GDD). \u00c8 inoltre conforme al Regolamento (UE) 2016\/679 del Parlamento Europeo e del Consiglio, del 27 aprile 2016, relativo alla protezione delle persone fisiche (GDPR). <\/p>\n\n\n\n<p><strong>L\u2019utilizzo del sito web cultivoshidroponicos.org<\/strong> implica l\u2019accettazione della presente Informativa sulla privacy e delle condizioni incluse nell\u2019Avviso legale.<\/p>\n\n\n\n<h3 class=\"wp-block-heading\" id=\"identidad-del-responsable\">Identit\u00e0 del responsabile<\/h3>\n\n\n\n<ul class=\"wp-block-list\">\n<li>E-mail: <strong>contacto@<strong>prensaescrita.org<\/strong><\/strong><\/li>\n\n\n\n<li>Sito web: <strong><strong>prensaescrita.org<\/strong><\/strong><\/li>\n<\/ul>\n\n\n\n<h3 class=\"wp-block-heading\" id=\"principios-aplicados-en-el-tratamiento-de-datos\">Principi applicati nell\u2019elaborazione dei dati<\/h3>\n\n\n\n<p>Nel trattamento dei tuoi dati personali, il Titolare applicher\u00e0 i seguenti principi conformi ai requisiti del nuovo regolamento europeo sulla protezione dei dati:<\/p>\n\n\n\n<ul class=\"wp-block-list\">\n<li><strong>Principio di legalit\u00e0, lealt\u00e0 e trasparenza:<\/strong> Il Titolare richieder\u00e0 sempre il consenso per il trattamento dei tuoi dati personali, che potr\u00e0 essere per una o pi\u00f9 finalit\u00e0 specifiche di cui ti informer\u00e0 preventivamente con assoluta trasparenza.<\/li>\n\n\n\n<li><strong>Principio di minimizzazione dei dati:<\/strong> Il Titolare del trattamento Le chieder\u00e0 solo i dati strettamente necessari allo scopo o agli scopi per i quali sono richiesti.<\/li>\n\n\n\n<li><strong>Principio di limitazione del periodo di conservazione:<\/strong> I dati saranno conservati per il tempo strettamente necessario allo scopo o agli scopi del trattamento.<br\/>Il Titolare ti informer\u00e0 del periodo di conservazione corrispondente in base allo scopo. In caso di abbonamenti, il Titolare esaminer\u00e0 periodicamente gli elenchi e canceller\u00e0 i record che sono rimasti inattivi per un periodo di tempo considerevole. <\/li>\n\n\n\n<li><strong>Principio di integrit\u00e0 e riservatezza:<\/strong> I Suoi dati saranno trattati in modo da garantirne la sicurezza, la riservatezza e l\u2019integrit\u00e0. \u00c8 bene sapere che il Titolare adotta le precauzioni necessarie per impedire l\u2019accesso non autorizzato o l\u2019uso non corretto dei dati dei propri utenti da parte di terzi. <\/li>\n<\/ul>\n\n\n\n<h3 class=\"wp-block-heading\" id=\"obtencin-de-datos-personales\">Raccolta di dati personali<\/h3>\n\n\n\n<p>Per navigare <strong><strong>prensaescrita.org<\/strong><\/strong> non \u00e8 necessario fornire alcun dato personale. I casi in cui fornisci i tuoi dati personali sono i seguenti: <\/p>\n\n\n\n<ul class=\"wp-block-list\">\n<li>Contattando tramite i moduli di contatto o inviando un\u2019e-mail.<\/li>\n\n\n\n<li>Quando si avviano le procedure di negoziazione di uno qualsiasi degli immobili in vendita.<\/li>\n\n\n\n<li>Dichiarando l\u2019interesse a pubblicizzare un immobile sul nostro sito web.<\/li>\n\n\n\n<li>Quando commenti un articolo o una pagina.<\/li>\n<\/ul>\n\n\n\n<h3 class=\"wp-block-heading\" id=\"tus-derechos\">I tuoi diritti<\/h3>\n\n\n\n<p>Il Titolare ti informa che hai il diritto di:<\/p>\n\n\n\n<ul class=\"wp-block-list\">\n<li>Richiedi l\u2019accesso ai dati memorizzati.<\/li>\n\n\n\n<li>Richiedere una rettifica o una cancellazione.<\/li>\n\n\n\n<li>Richiedere la limitazione del suo trattamento.<\/li>\n\n\n\n<li>Opporsi al trattamento.<\/li>\n\n\n\n<li>Richiedi la portabilit\u00e0 dei tuoi dati.<\/li>\n<\/ul>\n\n\n\n<p>L\u2019esercizio di tali diritti \u00e8 personale e deve quindi essere esercitato direttamente dall\u2019interessato, richiedendolo direttamente al Titolare, il che significa che qualsiasi cliente, abbonato o collaboratore che abbia fornito i propri dati in qualsiasi momento pu\u00f2 contattare il Titolare e chiedere informazioni sui dati che ha conservato e su come li ha ottenuti,  chiedere la rettifica degli stessi, richiedere la portabilit\u00e0 dei propri dati personali, opporsi al trattamento, limitarne l\u2019utilizzo o richiedere la cancellazione di tali dati dagli archivi del Titolare.<\/p>\n\n\n\n<p>Per esercitare i diritti di accesso, rettifica, cancellazione, portabilit\u00e0 e opposizione \u00e8 necessario inviare un\u2019e-mail a <strong>contacto@<strong>prensaescrita.org<\/strong><\/strong> insieme a un documento valido come una fotocopia della carta d\u2019identit\u00e0 o equivalente.<\/p>\n\n\n\n<p>L\u2019utente ha il diritto a una tutela giurisdizionale effettiva e di presentare un reclamo all\u2019autorit\u00e0 di controllo, in questo caso l\u2019Agenzia spagnola per la protezione dei dati, se ritiene che il trattamento dei dati personali che lo riguardano violi il Regolamento.<\/p>\n\n\n\n<h3 class=\"wp-block-heading\" id=\"finalidad-del-tratamiento-de-datos-personales\">Finalit\u00e0 del trattamento dei dati personali<\/h3>\n\n\n\n<p>Quando ti connetti al <strong><strong>sito prensaescrita.org<\/strong><\/strong> per inviare un\u2019e-mail al Titolare, iscriverti alla sua newsletter o stipulare un contratto, stai fornendo informazioni personali di cui il Titolare \u00e8 responsabile. Queste informazioni possono includere dati personali come l\u2019indirizzo IP, il nome e il cognome, l\u2019indirizzo fisico, l\u2019indirizzo e-mail, il numero di telefono e altre informazioni. Fornendo queste informazioni, acconsenti alla raccolta, all\u2019utilizzo, alla gestione e all\u2019archiviazione delle tue informazioni da parte superadmin.es, solo come descritto nell\u2019Avviso legale e nella presente Informativa sulla privacy.  <\/p>\n\n\n\n<p>I dati personali e la finalit\u00e0 del trattamento da parte del Titolare sono diversi a seconda del sistema di acquisizione delle informazioni:<\/p>\n\n\n\n<ul class=\"wp-block-list\">\n<li><strong>Moduli di contatto:<\/strong> Il Titolare richiede dati personali, che possono includere: Nome e cognome, indirizzo e-mail, numero di telefono e indirizzo del tuo sito web al fine di rispondere alle tue domande.<br\/>Ad esempio, il Titolare utilizza questi dati per rispondere ai tuoi messaggi, dubbi, reclami, commenti o preoccupazioni che potresti avere in merito alle informazioni incluse nel Sito Web, ai servizi forniti attraverso il Sito Web, al trattamento dei tuoi dati personali, alle domande relative ai testi legali inclusi nel Sito Web,  cos\u00ec come qualsiasi altra domanda che l\u2019utente possa avere che non sia soggetta alle condizioni del sito Web o del contratto.<\/li>\n<\/ul>\n\n\n\n<p>Ci sono altre finalit\u00e0 per le quali il Titolare tratta i tuoi dati personali:<\/p>\n\n\n\n<ul class=\"wp-block-list\">\n<li>Per garantire il rispetto delle condizioni stabilite nell\u2019Avviso legale e della legge applicabile. Ci\u00f2 pu\u00f2 includere lo sviluppo di strumenti e algoritmi che aiutano questo sito web a garantire la riservatezza dei dati personali che raccoglie. <\/li>\n\n\n\n<li>Per supportare e migliorare i servizi offerti <strong><strong>da prensaescrita.org<\/strong><\/strong>.<\/li>\n\n\n\n<li>Per analizzare la navigazione. Il Titolare raccoglie altri dati non identificativi che si ottengono attraverso l\u2019uso di cookie che vengono scaricati sul tuo computer quando navighi sul sito web, le cui caratteristiche e finalit\u00e0 sono dettagliate nella Cookie Policy. <\/li>\n\n\n\n<li>Per gestire i social network. il Titolare \u00e8 presente sui social network. Se diventi un follower sui social network del Titolare, il trattamento dei dati personali sar\u00e0 regolato da questa sezione, nonch\u00e9 da quelle condizioni d\u2019uso, politiche sulla privacy e regolamenti di accesso che appartengono al social network che sono appropriati in ogni caso e che hai precedentemente accettato.  <\/li>\n<\/ul>\n\n\n\n<p>\u00c8 possibile consultare le privacy policy dei principali social network a questi link:<\/p>\n\n\n\n<ul class=\"wp-block-list\">\n<li>Contatti<\/li>\n\n\n\n<li>Cinguettare<\/li>\n\n\n\n<li>Linkedin<\/li>\n\n\n\n<li>Su YouTube<\/li>\n\n\n\n<li>Profilo Instagram<\/li>\n<\/ul>\n\n\n\n<p>Il Titolare tratter\u00e0 i tuoi dati personali al fine di gestire correttamente la sua presenza sul social network, informarti sulle sue attivit\u00e0, prodotti o servizi, nonch\u00e9 per qualsiasi altra finalit\u00e0 consentita dalla normativa dei social network.<\/p>\n\n\n\n<p>In nessun caso il Titolare utilizzer\u00e0 i profili dei follower sui social network per inviare pubblicit\u00e0 individualmente.<\/p>\n\n\n\n<h3 class=\"wp-block-heading\" id=\"seguridad-de-los-datos-personales\">Sicurezza dei dati personali<\/h3>\n\n\n\n<p>Per proteggere i tuoi dati personali, il Titolare adotta tutte le precauzioni ragionevoli e segue le migliori pratiche del settore per prevenirne la perdita, l\u2019uso improprio, l\u2019accesso improprio, la divulgazione, l\u2019alterazione o la distruzione degli stessi.<\/p>\n\n\n\n<p>Il sito web \u00e8 ospitato da banahosting. La sicurezza dei tuoi dati \u00e8 garantita, in quanto adottano tutte le misure di sicurezza necessarie per questo. Puoi consultare la loro politica sulla privacy per ulteriori informazioni.  <\/p>\n\n\n\n<h3 class=\"wp-block-heading\" id=\"contenido-de-otros-sitios-web\">Contenuti da altri siti web<\/h3>\n\n\n\n<p><strong>cultivoshidroponicos.org<\/strong> pagine possono includere contenuti incorporati (ad es. video, immagini, articoli, ecc.). I contenuti incorporati da altri siti Web si comportano esattamente come se avessi visitato l\u2019altro sito Web. <\/p>\n\n\n\n<p>Questi siti Web possono raccogliere dati sull\u2019utente, utilizzare cookie, incorporare un codice di tracciamento aggiuntivo di terze parti e monitorare l\u2019interazione dell\u2019utente utilizzando questo codice.<\/p>\n\n\n\n<h3 class=\"wp-block-heading\" id=\"poltica-de-cookies\">Politica dei cookie<\/h3>\n\n\n\n<p>Affinch\u00e9 questo sito web funzioni correttamente, \u00e8 necessario utilizzare i cookie, ovvero le informazioni che vengono memorizzate nel browser web.<\/p>\n\n\n\n<p>Nella pagina Cookies Policy \u00e8 possibile consultare tutte le informazioni riguardanti la politica di raccolta, le finalit\u00e0 e il trattamento dei cookie.<\/p>\n\n\n\n<h3 class=\"wp-block-heading\" id=\"legitimacin-para-el-tratamiento-de-datos\">Legittimit\u00e0 del trattamento dei dati<\/h3>\n\n\n\n<p>La base giuridica del trattamento dei Suoi dati \u00e8: il consenso.<\/p>\n\n\n\n<p>Per contattare il Titolare, iscriversi ad una newsletter o fare commenti su questo sito web \u00e8 necessario accettare la presente Privacy Policy.<\/p>\n\n\n\n<h3 class=\"wp-block-heading\" id=\"categoras-de-datos-personales\">Categorie di dati personali<\/h3>\n\n\n\n<p>Le categorie di dati personali trattati dal Titolare sono:<\/p>\n\n\n\n<ul class=\"wp-block-list\">\n<li>Dati identificativi.<\/li>\n<\/ul>\n\n\n\n<h3 class=\"wp-block-heading\" id=\"conservacin-de-datos-personales\">Conservazione dei dati personali<\/h3>\n\n\n\n<p>I dati personali da Lei forniti al Titolare saranno conservati fino a quando non ne richieder\u00e0 la cancellazione.<\/p>\n\n\n\n<h3 class=\"wp-block-heading\" id=\"destinatarios-de-datos-personales\">Destinatari dei dati personali<\/h3>\n\n\n\n<ul class=\"wp-block-list\">\n<li><strong>Mailchimp<\/strong> The Rocket Science Group LLC d\/b\/a , con sede negli Stati Uniti.<br\/>Maggiori informazioni sono disponibili <strong><a href=\"https:\/\/mailchimp.com\/\" target=\"_blank\" rel=\"noreferrer noopener\">all\u2019indirizzo: https:\/\/mailchimp.com<\/a><\/strong><br\/>The Rocket Science Group LLC d\/b\/a tratta i dati allo scopo di fornire i propri servizi di posta elettronica al Titolare.<\/li>\n\n\n\n<li><strong>Google Analytics<\/strong> \u00e8 un servizio di analisi web fornito da Google, Inc., una societ\u00e0 del Delaware con sede principale in 1600 Amphitheatre Parkway, Mountain View (California), CA 94043, Stati Uniti (&#8220;Google&#8221;). Ulteriori informazioni sono disponibili <strong><a href=\"https:\/\/analytics.google.com\/\" target=\"_blank\" rel=\"noreferrer noopener\">all\u2019indirizzo: https:\/\/analytics.google.com<\/a><\/strong><br\/>Google Analytics utilizza i &#8220;cookie&#8221;, che sono file di testo depositati sul computer dell\u2019utente, per aiutare il Titolare ad analizzare l\u2019uso che ne fanno gli utenti del sito web. Le informazioni generate dal cookie sull\u2019utilizzo del sito web da parte dell\u2019utente (compreso l\u2019indirizzo IP) saranno trasmesse direttamente a Google e memorizzate su server negli Stati Uniti. <\/li>\n<\/ul>\n\n\n\n<p>\u00c8 inoltre possibile visualizzare un elenco dei tipi di cookie utilizzati da Google e dai suoi partner, nonch\u00e9 informazioni sull\u2019utilizzo dei cookie pubblicitari.<\/p>\n\n\n\n<h3 class=\"wp-block-heading\" id=\"navegacin-web\">Navigazione Web<\/h3>\n\n\n\n<p>Durante la navigazione prensaescrita.org possono essere raccolti dati non identificativi, che possono includere indirizzo IP, geolocalizzazione, una registrazione di come vengono utilizzati i servizi e i siti, abitudini di navigazione e altri dati che non possono essere utilizzati per identificare <strong><strong>l\u2019utente<\/strong><\/strong> .<\/p>\n\n\n\n<p>Il Sito Web utilizza i seguenti servizi di analisi di terze parti:<\/p>\n\n\n\n<p>ELIMINA QUELLI CHE NON USI:<\/p>\n\n\n\n<ul class=\"wp-block-list\">\n<li>Analisi di Google<\/li>\n\n\n\n<li>DoubleClick di Google<\/li>\n<\/ul>\n\n\n\n<p>Il Titolare utilizza le informazioni ottenute per ricavare dati statistici, analizzare le tendenze, amministrare il sito, studiare i modelli di navigazione e raccogliere informazioni demografiche.<\/p>\n\n\n\n<h3 class=\"wp-block-heading\" id=\"exactitud-y-veracidad-de-los-datos-personales\">Accuratezza e veridicit\u00e0 dei dati personali<\/h3>\n\n\n\n<p>L\u2019Utente si impegna a garantire che i dati forniti al Titolare siano corretti, completi, accurati e aggiornati, nonch\u00e9 a mantenerli debitamente aggiornati.<\/p>\n\n\n\n<p>In qualit\u00e0 di Utente del Sito Web, sei l\u2019unico responsabile della veridicit\u00e0 e della correttezza dei dati che invii al sito, esonerando il Titolare da qualsiasi responsabilit\u00e0 al riguardo.<\/p>\n\n\n\n<h3 class=\"wp-block-heading\" id=\"aceptacin-y-consentimiento\">Accettazione e consenso<\/h3>\n\n\n\n<p>In qualit\u00e0 di Utente del Sito Web dichiari di essere stato informato delle condizioni in materia di protezione dei dati personali, accetti e acconsenti al trattamento degli stessi da parte del Titolare con le modalit\u00e0 e per le finalit\u00e0 indicate nella presente Privacy Policy.<\/p>\n\n\n\n<h3 class=\"wp-block-heading\" id=\"revocabilidad\">Revocabilit\u00e0<\/h3>\n\n\n\n<p>Per esercitare i diritti di accesso, rettifica, cancellazione, portabilit\u00e0 e opposizione \u00e8 necessario inviare un\u2019e-mail a <strong>contacto@<strong>prensaescrita.org<\/strong><\/strong> insieme a un documento valido come una fotocopia della carta d\u2019identit\u00e0 o equivalente.<\/p>\n\n\n\n<p>L\u2019esercizio dei Suoi diritti non comprende alcun dato che il Titolare sia obbligato a conservare per finalit\u00e0 amministrative, legali o di sicurezza.<\/p>\n\n\n\n<h3 class=\"wp-block-heading\" id=\"cambios-en-la-poltica-de-privacidad\">Modifiche all\u2019Informativa sulla privacy<\/h3>\n\n\n\n<p>Il Titolare si riserva il diritto di modificare la presente Privacy Policy per adeguarla a nuove normative o giurisprudenze, nonch\u00e9 alle pratiche del settore.<\/p>\n\n\n\n<p>Queste politiche saranno in vigore fino a quando non saranno modificate da altre politiche debitamente pubblicate.<\/p>\n<\/div>\n","protected":false},"excerpt":{"rendered":"<p>prensaescrita.org ti informa sulla sua Informativa sulla privacy relativa al trattamento e alla protezione dei dati personali degli utenti e dei clienti che possono essere raccolti navigando o contrattando servizi attraverso il sito web prensaescrita.org. In questo senso, il Titolare garantisce il rispetto della normativa vigente in materia di protezione dei dati personali, riflessa nella &#8230; <a title=\"Informativa sulla privacy\" class=\"read-more\" href=\"https:\/\/prensaescrita.org\/it\/informativa-sulla-privacy\/\" aria-label=\"Per saperne di pi\u00f9 su Informativa sulla privacy\">Leggi tutto<\/a><\/p>\n","protected":false},"author":2,"featured_media":0,"parent":0,"menu_order":0,"comment_status":"closed","ping_status":"closed","template":"","meta":{"footnotes":""},"class_list":{"0":"post-3377","1":"page","2":"type-page","3":"status-publish","5":"infinite-scroll-item"},"_hostinger_reach_plugin_has_subscription_block":false,"_hostinger_reach_plugin_is_elementor":false,"_links":{"self":[{"href":"https:\/\/prensaescrita.org\/it\/wp-json\/wp\/v2\/pages\/3377","targetHints":{"allow":["GET"]}}],"collection":[{"href":"https:\/\/prensaescrita.org\/it\/wp-json\/wp\/v2\/pages"}],"about":[{"href":"https:\/\/prensaescrita.org\/it\/wp-json\/wp\/v2\/types\/page"}],"author":[{"embeddable":true,"href":"https:\/\/prensaescrita.org\/it\/wp-json\/wp\/v2\/users\/2"}],"replies":[{"embeddable":true,"href":"https:\/\/prensaescrita.org\/it\/wp-json\/wp\/v2\/comments?post=3377"}],"version-history":[{"count":1,"href":"https:\/\/prensaescrita.org\/it\/wp-json\/wp\/v2\/pages\/3377\/revisions"}],"predecessor-version":[{"id":3379,"href":"https:\/\/prensaescrita.org\/it\/wp-json\/wp\/v2\/pages\/3377\/revisions\/3379"}],"wp:attachment":[{"href":"https:\/\/prensaescrita.org\/it\/wp-json\/wp\/v2\/media?parent=3377"}],"curies":[{"name":"wp","href":"https:\/\/api.w.org\/{rel}","templated":true}]}}